{"id":321,"date":"2025-09-20T14:59:07","date_gmt":"2025-09-20T12:59:07","guid":{"rendered":"https:\/\/ecole-des-deux-rives.be\/?page_id=321"},"modified":"2025-09-20T15:13:57","modified_gmt":"2025-09-20T13:13:57","slug":"entree-a-lecole-maternelle","status":"publish","type":"page","link":"https:\/\/ecole-des-deux-rives.be\/index.php\/vie-a-lecole\/entree-a-lecole-maternelle\/","title":{"rendered":"Entr\u00e9e \u00e0 l&rsquo;\u00e9cole maternelle"},"content":{"rendered":"\n    \n    <section class=\"u-clearfix u-section-2\" id=\"block-1\">\n      <div class=\"u-clearfix u-sheet u-sheet-1\">\n        <h1 class=\"u-text u-text-1\">Entr\u00e9e \u00e0 l'\u00e9cole maternelle<\/h1>\n        <div class=\"data-layout-selected u-clearfix u-expanded-width u-layout-wrap u-layout-wrap-1\">\n          <div class=\"u-layout\">\n            <div class=\"u-layout-row\">\n              <div class=\"u-size-30\">\n                <div class=\"u-layout-col\">\n                  <div class=\"u-container-style u-layout-cell u-palette-5-light-3 u-size-30 u-layout-cell-1\">\n                    <div class=\"u-container-layout u-container-layout-1\">\n                      <div class=\"fr-view u-clearfix u-rich-text u-text u-text-2\">\n                        <h5>Votre enfant va entr\u00e9e en pr\u00e9maternelle, en 1\u00e8re maternelle ou en 3\u00e8me maternelle, il a besoin :<\/h5>\n                        <p id=\"isPasted\">D'un petit sac de votre choix contenant :<\/p>\n                        <ul>\n                          <li>une collation.<\/li>\n                          <li>une boisson.<\/li>\n                          <li>le doucou et\/ou la tute s'il en a bseoin pour la sieste.<\/li>\n                        <\/ul>\n                      <\/div>\n                    <\/div>\n                  <\/div>\n                  <div class=\"u-container-style u-layout-cell u-palette-2-light-3 u-shape-rectangle u-size-30 u-layout-cell-2\">\n                    <div class=\"u-container-layout u-container-layout-2\">\n                      <div class=\"fr-view u-clearfix u-rich-text u-text u-text-3\">\n                        <h5>Votre enfant entre en 2\u00e8me ann\u00e9e dans la classe de Madame Virginie, tout le mat\u00e9riel pr\u00e9cit\u00e9 est aussi n\u00e9cessaire. Par contre, la collation sera utile seulement pour la premi\u00e8re semaine. Ensuite, Madame Virginie organise une collation pour l'ensemble de la classe. Un courrier pr\u00e9cisera la mani\u00e8re dont elle proc\u00e8de et le co\u00fbt de ce principe.&nbsp;<\/h5>\n                      <\/div>\n                    <\/div>\n                  <\/div>\n                <\/div>\n              <\/div>\n              <div class=\"u-size-30\">\n                <div class=\"u-layout-col\">\n                  <div class=\"u-container-style u-layout-cell u-palette-4-light-3 u-size-60 u-layout-cell-3\">\n                    <div class=\"u-border-2 u-border-palette-5-light-2 u-container-layout u-valign-top u-container-layout-3\">\n                      <div class=\"fr-view u-clearfix u-rich-text u-text u-text-4\">\n                        <h5>A remettre \u00e0 l'institutrice en d\u00e9but d'ann\u00e9e :<\/h5>\n                        <ul id=\"isPasted\">\n                          <li>une boite de lingettes.<\/li>\n                          <li>une boite de mouchoirs.<\/li>\n                          <li>deux photos d'identit\u00e9 (si vous n'en poss\u00e9dez pas, nous ferons le nous-m\u00eames, pas de panique et pas de d\u00e9pense inutile).<\/li>\n                          <li>des v\u00eatements de rechange en cas d'accident.<\/li>\n                          <li>des langes \u00e0 scratch si votre enfant n'est pas encore propre.<\/li>\n                          <li>un tablier ou une vieille chemise pour les activit\u00e9s de peinture.<\/li>\n                        <\/ul>\n                      <\/div>\n                    <\/div>\n                  <\/div>\n                <\/div>\n              <\/div>\n            <\/div>\n          <\/div>\n        <\/div>\n      <\/div>\n    <\/section>\n    \n    \n    \n  \n","protected":false},"excerpt":{"rendered":"<p>Entr\u00e9e \u00e0 l&rsquo;\u00e9cole maternelle Votre enfant va entr\u00e9e en pr\u00e9maternelle, en 1\u00e8re maternelle ou en 3\u00e8me maternelle, il a besoin : D&rsquo;un petit sac de votre choix contenant : une collation. une boisson. le doucou et\/ou la tute s&rsquo;il en a bseoin pour la sieste. Votre enfant entre en 2\u00e8me ann\u00e9e dans la classe de &hellip; <a href=\"https:\/\/ecole-des-deux-rives.be\/index.php\/vie-a-lecole\/entree-a-lecole-maternelle\/\" class=\"more-link\">Continue reading<span class=\"screen-reader-text\"> \u00ab\u00a0Entr\u00e9e \u00e0 l&rsquo;\u00e9cole maternelle\u00a0\u00bb<\/span><\/a><\/p>\n","protected":false},"author":1,"featured_media":0,"parent":370,"menu_order":4,"comment_status":"closed","ping_status":"closed","template":"","meta":{"footnotes":""},"class_list":["post-321","page","type-page","status-publish","hentry"],"yoast_head":"<!-- This site is optimized with the Yoast SEO plugin v27.4 - https:\/\/yoast.com\/product\/yoast-seo-wordpress\/ -->\n<title>Entr\u00e9e \u00e0 l&#039;\u00e9cole maternelle - Ecoles des Deux Rives<\/title>\n<meta name=\"robots\" content=\"index, follow, max-snippet:-1, max-image-preview:large, max-video-preview:-1\" \/>\n<link rel=\"canonical\" href=\"https:\/\/ecole-des-deux-rives.be\/index.php\/entree-a-lecole-maternelle\/\" \/>\n<meta property=\"og:locale\" content=\"fr_FR\" \/>\n<meta property=\"og:type\" content=\"article\" \/>\n<meta property=\"og:title\" content=\"Entr\u00e9e \u00e0 l&#039;\u00e9cole maternelle - Ecoles des Deux Rives\" \/>\n<meta property=\"og:description\" content=\"Entr\u00e9e \u00e0 l&#039;\u00e9cole maternelle Votre enfant va entr\u00e9e en pr\u00e9maternelle, en 1\u00e8re maternelle ou en 3\u00e8me maternelle, il a besoin : D&#039;un petit sac de votre choix contenant : une collation. une boisson. le doucou et\/ou la tute s&#039;il en a bseoin pour la sieste. Votre enfant entre en 2\u00e8me ann\u00e9e dans la classe de &hellip; Continue reading &quot;Entr\u00e9e \u00e0 l&rsquo;\u00e9cole maternelle&quot;\" \/>\n<meta property=\"og:url\" content=\"https:\/\/ecole-des-deux-rives.be\/index.php\/entree-a-lecole-maternelle\/\" \/>\n<meta property=\"og:site_name\" content=\"Ecoles des Deux Rives\" \/>\n<meta property=\"article:modified_time\" content=\"2025-09-20T13:13:57+00:00\" \/>\n<meta property=\"og:image\" content=\"https:\/\/ecole-des-deux-rives.be\/wp-content\/uploads\/2024\/12\/ecole_primaire_entree.jpg\" \/>\n\t<meta property=\"og:image:width\" content=\"1920\" \/>\n\t<meta property=\"og:image:height\" content=\"1080\" \/>\n\t<meta property=\"og:image:type\" content=\"image\/jpeg\" \/>\n<meta name=\"twitter:card\" content=\"summary_large_image\" \/>\n<script type=\"application\/ld+json\" class=\"yoast-schema-graph\">{\"@context\":\"https:\\\/\\\/schema.org\",\"@graph\":[{\"@type\":\"WebPage\",\"@id\":\"https:\\\/\\\/ecole-des-deux-rives.be\\\/index.php\\\/entree-a-lecole-maternelle\\\/\",\"url\":\"https:\\\/\\\/ecole-des-deux-rives.be\\\/index.php\\\/entree-a-lecole-maternelle\\\/\",\"name\":\"Entr\u00e9e \u00e0 l'\u00e9cole maternelle - Ecoles des Deux Rives\",\"isPartOf\":{\"@id\":\"https:\\\/\\\/ecole-des-deux-rives.be\\\/#website\"},\"datePublished\":\"2025-09-20T12:59:07+00:00\",\"dateModified\":\"2025-09-20T13:13:57+00:00\",\"breadcrumb\":{\"@id\":\"https:\\\/\\\/ecole-des-deux-rives.be\\\/index.php\\\/entree-a-lecole-maternelle\\\/#breadcrumb\"},\"inLanguage\":\"fr-FR\",\"potentialAction\":[{\"@type\":\"ReadAction\",\"target\":[\"https:\\\/\\\/ecole-des-deux-rives.be\\\/index.php\\\/entree-a-lecole-maternelle\\\/\"]}]},{\"@type\":\"BreadcrumbList\",\"@id\":\"https:\\\/\\\/ecole-des-deux-rives.be\\\/index.php\\\/entree-a-lecole-maternelle\\\/#breadcrumb\",\"itemListElement\":[{\"@type\":\"ListItem\",\"position\":1,\"name\":\"Accueil\",\"item\":\"https:\\\/\\\/ecole-des-deux-rives.be\\\/\"},{\"@type\":\"ListItem\",\"position\":2,\"name\":\"Entr\u00e9e \u00e0 l&rsquo;\u00e9cole maternelle\"}]},{\"@type\":\"WebSite\",\"@id\":\"https:\\\/\\\/ecole-des-deux-rives.be\\\/#website\",\"url\":\"https:\\\/\\\/ecole-des-deux-rives.be\\\/\",\"name\":\"Ecole des deux rives \u00e0 Musson\",\"description\":\"Ecoles des Deux Rives, Musson\",\"alternateName\":\"Eddr\",\"potentialAction\":[{\"@type\":\"SearchAction\",\"target\":{\"@type\":\"EntryPoint\",\"urlTemplate\":\"https:\\\/\\\/ecole-des-deux-rives.be\\\/?s={search_term_string}\"},\"query-input\":{\"@type\":\"PropertyValueSpecification\",\"valueRequired\":true,\"valueName\":\"search_term_string\"}}],\"inLanguage\":\"fr-FR\"}]}<\/script>\n<!-- \/ Yoast SEO plugin. -->","yoast_head_json":{"title":"Entr\u00e9e \u00e0 l'\u00e9cole maternelle - Ecoles des Deux Rives","robots":{"index":"index","follow":"follow","max-snippet":"max-snippet:-1","max-image-preview":"max-image-preview:large","max-video-preview":"max-video-preview:-1"},"canonical":"https:\/\/ecole-des-deux-rives.be\/index.php\/entree-a-lecole-maternelle\/","og_locale":"fr_FR","og_type":"article","og_title":"Entr\u00e9e \u00e0 l'\u00e9cole maternelle - Ecoles des Deux Rives","og_description":"Entr\u00e9e \u00e0 l'\u00e9cole maternelle Votre enfant va entr\u00e9e en pr\u00e9maternelle, en 1\u00e8re maternelle ou en 3\u00e8me maternelle, il a besoin : D'un petit sac de votre choix contenant : une collation. une boisson. le doucou et\/ou la tute s'il en a bseoin pour la sieste. Votre enfant entre en 2\u00e8me ann\u00e9e dans la classe de &hellip; Continue reading \"Entr\u00e9e \u00e0 l&rsquo;\u00e9cole maternelle\"","og_url":"https:\/\/ecole-des-deux-rives.be\/index.php\/entree-a-lecole-maternelle\/","og_site_name":"Ecoles des Deux Rives","article_modified_time":"2025-09-20T13:13:57+00:00","og_image":[{"width":1920,"height":1080,"url":"https:\/\/ecole-des-deux-rives.be\/wp-content\/uploads\/2024\/12\/ecole_primaire_entree.jpg","type":"image\/jpeg"}],"twitter_card":"summary_large_image","schema":{"@context":"https:\/\/schema.org","@graph":[{"@type":"WebPage","@id":"https:\/\/ecole-des-deux-rives.be\/index.php\/entree-a-lecole-maternelle\/","url":"https:\/\/ecole-des-deux-rives.be\/index.php\/entree-a-lecole-maternelle\/","name":"Entr\u00e9e \u00e0 l'\u00e9cole maternelle - Ecoles des Deux Rives","isPartOf":{"@id":"https:\/\/ecole-des-deux-rives.be\/#website"},"datePublished":"2025-09-20T12:59:07+00:00","dateModified":"2025-09-20T13:13:57+00:00","breadcrumb":{"@id":"https:\/\/ecole-des-deux-rives.be\/index.php\/entree-a-lecole-maternelle\/#breadcrumb"},"inLanguage":"fr-FR","potentialAction":[{"@type":"ReadAction","target":["https:\/\/ecole-des-deux-rives.be\/index.php\/entree-a-lecole-maternelle\/"]}]},{"@type":"BreadcrumbList","@id":"https:\/\/ecole-des-deux-rives.be\/index.php\/entree-a-lecole-maternelle\/#breadcrumb","itemListElement":[{"@type":"ListItem","position":1,"name":"Accueil","item":"https:\/\/ecole-des-deux-rives.be\/"},{"@type":"ListItem","position":2,"name":"Entr\u00e9e \u00e0 l&rsquo;\u00e9cole maternelle"}]},{"@type":"WebSite","@id":"https:\/\/ecole-des-deux-rives.be\/#website","url":"https:\/\/ecole-des-deux-rives.be\/","name":"Ecole des deux rives \u00e0 Musson","description":"Ecoles des Deux Rives, Musson","alternateName":"Eddr","potentialAction":[{"@type":"SearchAction","target":{"@type":"EntryPoint","urlTemplate":"https:\/\/ecole-des-deux-rives.be\/?s={search_term_string}"},"query-input":{"@type":"PropertyValueSpecification","valueRequired":true,"valueName":"search_term_string"}}],"inLanguage":"fr-FR"}]}},"jetpack_sharing_enabled":true,"_links":{"self":[{"href":"https:\/\/ecole-des-deux-rives.be\/index.php\/wp-json\/wp\/v2\/pages\/321","targetHints":{"allow":["GET"]}}],"collection":[{"href":"https:\/\/ecole-des-deux-rives.be\/index.php\/wp-json\/wp\/v2\/pages"}],"about":[{"href":"https:\/\/ecole-des-deux-rives.be\/index.php\/wp-json\/wp\/v2\/types\/page"}],"author":[{"embeddable":true,"href":"https:\/\/ecole-des-deux-rives.be\/index.php\/wp-json\/wp\/v2\/users\/1"}],"replies":[{"embeddable":true,"href":"https:\/\/ecole-des-deux-rives.be\/index.php\/wp-json\/wp\/v2\/comments?post=321"}],"version-history":[{"count":2,"href":"https:\/\/ecole-des-deux-rives.be\/index.php\/wp-json\/wp\/v2\/pages\/321\/revisions"}],"predecessor-version":[{"id":323,"href":"https:\/\/ecole-des-deux-rives.be\/index.php\/wp-json\/wp\/v2\/pages\/321\/revisions\/323"}],"up":[{"embeddable":true,"href":"https:\/\/ecole-des-deux-rives.be\/index.php\/wp-json\/wp\/v2\/pages\/370"}],"wp:attachment":[{"href":"https:\/\/ecole-des-deux-rives.be\/index.php\/wp-json\/wp\/v2\/media?parent=321"}],"curies":[{"name":"wp","href":"https:\/\/api.w.org\/{rel}","templated":true}]}}