{"id":333,"date":"2025-09-20T18:09:11","date_gmt":"2025-09-20T16:09:11","guid":{"rendered":"https:\/\/ecole-des-deux-rives.be\/?page_id=333"},"modified":"2025-09-20T18:09:11","modified_gmt":"2025-09-20T16:09:11","slug":"logopedie","status":"publish","type":"page","link":"https:\/\/ecole-des-deux-rives.be\/index.php\/vie-a-lecole\/partenaires\/logopedie\/","title":{"rendered":"Logop\u00e9die"},"content":{"rendered":"\n    \n    <section class=\"u-align-left u-clearfix u-container-align-left u-palette-5-light-3 u-section-2\" id=\"block-2\">\n      <div class=\"u-clearfix u-sheet u-valign-middle-lg u-valign-middle-md u-valign-middle-sm u-valign-middle-xs u-sheet-1\">\n        <h1 class=\"u-align-left u-text u-text-1\">Logop\u00e9die<\/h1>\n        <p class=\"u-align-justify u-text u-text-2\"> D\u00e8s l'\u00e9cole maternelle, des enfants peuvent avoir un retard du langage qui g\u00eane leur expression et\/ou leur compr\u00e9hension, conna\u00eetre des difficult\u00e9s psychomotrices qui freinent leurs apprentissages.<\/p>\n        <p class=\"u-align-justify u-text u-text-3\"> En primaire, un certain nombre d'\u00e9l\u00e8ves, d'intelligence satisfaisante, ont des probl\u00e8mes sp\u00e9cifiques d'acquisition de la lecture (dyslexie) et\/ou de l'orthographe (dysorthographie), d'autres se heurtent \u00e0 l'arithm\u00e9tique (dyscalculie). Ces difficult\u00e9s r\u00e9sultent souvent de lacunes qui concernent:<\/p>\n        <ul class=\"u-align-left u-custom-list u-text u-text-4\">\n          <li>\n            <div class=\"u-list-icon u-text-palette-2-dark-2\">\n              <div style=\"font-size: 1.2em; margin: -1.2em;\">\u27a5<\/div>\n            <\/div> le langage oral (construction de phrases, vocabulaire, compr\u00e9hension),\n          <\/li>\n          <li>\n            <div class=\"u-list-icon u-text-palette-2-dark-2\">\n              <div style=\"font-size: 1.2em; margin: -1.2em;\">\u27a5<\/div>\n            <\/div>la psychomotricit\u00e9 (gestes, \u00e9criture qui manquent d'harmonie, instabilit\u00e9),\n          <\/li>\n          <li>\n            <div class=\"u-list-icon u-text-palette-2-dark-2\">\n              <div style=\"font-size: 1.2em; margin: -1.2em;\">\u27a5<\/div>\n            <\/div>la lat\u00e9ralit\u00e9 (et tous les aspects de diff\u00e9renciation gauche-droite),mais aussi les notions temporelles et spatiales, la m\u00e9moire, le sch\u00e9ma corporel.\n          <\/li>\n        <\/ul>\n        <p class=\"u-align-justify u-text u-text-5\"> La logop\u00e8de est la sp\u00e9cialiste qui peut traiter ces diff\u00e9rentes perturbations par la r\u00e9\u00e9ducation au cours de une, deux, plus rarement trois s\u00e9ances par semaine. Les s\u00e9ances ont lieu \u00e0 son bureau ou dans un local que peut pr\u00eater l'\u00e9cole, parfois au domicile de l'enfant. La logop\u00e8de exerce en tant que professionnelle ind\u00e9pendante et est r\u00e9mun\u00e9r\u00e9e par les parents. Toutefois ceux-ci peuvent b\u00e9n\u00e9ficier d'une intervention de la mutualit\u00e9 dans le co\u00fbt des s\u00e9ances. Il faut qu'elles aient \u00e9t\u00e9 prescrites par le centre PMS attach\u00e9 \u00e0 l'\u00e9cole sur base d'un examen qui aura d'abord fait appara\u00eetre l'existence de ces lacunes sp\u00e9cifiques.<br>\n          <br>Avant toute intervention, avertir&nbsp;<span style=\"font-weight: 700;\">obligatoirement<\/span>&nbsp;la direction et communiquer l'identit\u00e9 du (ou de la) logop\u00e8de.<br>\n          <br>Rappel: l'\u00e9cole n'intervient pas dans le co\u00fbt des s\u00e9ances de logop\u00e9die.<br>\n          <br>Pour toute information compl\u00e9mentaire, pri\u00e8re de s'adresser \u00e0 la direction.\n        <\/p>\n        <a href=\"https:\/\/ecole-des-deux-rives.be\/#contact\" class=\"u-active-none u-border-2 u-border-active-palette-2-dark-1 u-border-hover-palette-2-base u-border-no-left u-border-no-right u-border-no-top u-border-palette-1-base u-btn u-button-style u-hover-none u-none u-text-hover-palette-2-base u-text-palette-1-base u-btn-1\">Contacter la direction<\/a>\n      <\/div>\n    <\/section>\n    \n    \n    \n  \n","protected":false},"excerpt":{"rendered":"<p>Logop\u00e9die D\u00e8s l&rsquo;\u00e9cole maternelle, des enfants peuvent avoir un retard du langage qui g\u00eane leur expression et\/ou leur compr\u00e9hension, conna\u00eetre des difficult\u00e9s psychomotrices qui freinent leurs apprentissages. En primaire, un certain nombre d&rsquo;\u00e9l\u00e8ves, d&rsquo;intelligence satisfaisante, ont des probl\u00e8mes sp\u00e9cifiques d&rsquo;acquisition de la lecture (dyslexie) et\/ou de l&rsquo;orthographe (dysorthographie), d&rsquo;autres se heurtent \u00e0 l&rsquo;arithm\u00e9tique (dyscalculie). Ces &hellip; <a href=\"https:\/\/ecole-des-deux-rives.be\/index.php\/vie-a-lecole\/partenaires\/logopedie\/\" class=\"more-link\">Continue reading<span class=\"screen-reader-text\"> \u00ab\u00a0Logop\u00e9die\u00a0\u00bb<\/span><\/a><\/p>\n","protected":false},"author":1,"featured_media":0,"parent":372,"menu_order":1,"comment_status":"closed","ping_status":"closed","template":"","meta":{"footnotes":""},"class_list":["post-333","page","type-page","status-publish","hentry"],"yoast_head":"<!-- This site is optimized with the Yoast SEO plugin v27.4 - https:\/\/yoast.com\/product\/yoast-seo-wordpress\/ -->\n<title>Logop\u00e9die - Ecoles des Deux Rives<\/title>\n<meta name=\"robots\" content=\"index, follow, max-snippet:-1, max-image-preview:large, max-video-preview:-1\" \/>\n<link rel=\"canonical\" href=\"https:\/\/ecole-des-deux-rives.be\/index.php\/logopedie\/\" \/>\n<meta property=\"og:locale\" content=\"fr_FR\" \/>\n<meta property=\"og:type\" content=\"article\" \/>\n<meta property=\"og:title\" content=\"Logop\u00e9die - Ecoles des Deux Rives\" \/>\n<meta property=\"og:description\" content=\"Logop\u00e9die D\u00e8s l&#039;\u00e9cole maternelle, des enfants peuvent avoir un retard du langage qui g\u00eane leur expression et\/ou leur compr\u00e9hension, conna\u00eetre des difficult\u00e9s psychomotrices qui freinent leurs apprentissages. En primaire, un certain nombre d&#039;\u00e9l\u00e8ves, d&#039;intelligence satisfaisante, ont des probl\u00e8mes sp\u00e9cifiques d&#039;acquisition de la lecture (dyslexie) et\/ou de l&#039;orthographe (dysorthographie), d&#039;autres se heurtent \u00e0 l&#039;arithm\u00e9tique (dyscalculie). Ces &hellip; Continue reading &quot;Logop\u00e9die&quot;\" \/>\n<meta property=\"og:url\" content=\"https:\/\/ecole-des-deux-rives.be\/index.php\/logopedie\/\" \/>\n<meta property=\"og:site_name\" content=\"Ecoles des Deux Rives\" \/>\n<meta property=\"og:image\" content=\"https:\/\/ecole-des-deux-rives.be\/wp-content\/uploads\/2024\/12\/ecole_primaire_entree.jpg\" \/>\n\t<meta property=\"og:image:width\" content=\"1920\" \/>\n\t<meta property=\"og:image:height\" content=\"1080\" \/>\n\t<meta property=\"og:image:type\" content=\"image\/jpeg\" \/>\n<meta name=\"twitter:card\" content=\"summary_large_image\" \/>\n<meta name=\"twitter:label1\" content=\"Dur\u00e9e de lecture estim\u00e9e\" \/>\n\t<meta name=\"twitter:data1\" content=\"2 minutes\" \/>\n<script type=\"application\/ld+json\" class=\"yoast-schema-graph\">{\"@context\":\"https:\\\/\\\/schema.org\",\"@graph\":[{\"@type\":\"WebPage\",\"@id\":\"https:\\\/\\\/ecole-des-deux-rives.be\\\/index.php\\\/logopedie\\\/\",\"url\":\"https:\\\/\\\/ecole-des-deux-rives.be\\\/index.php\\\/logopedie\\\/\",\"name\":\"Logop\u00e9die - Ecoles des Deux Rives\",\"isPartOf\":{\"@id\":\"https:\\\/\\\/ecole-des-deux-rives.be\\\/#website\"},\"datePublished\":\"2025-09-20T16:09:11+00:00\",\"breadcrumb\":{\"@id\":\"https:\\\/\\\/ecole-des-deux-rives.be\\\/index.php\\\/logopedie\\\/#breadcrumb\"},\"inLanguage\":\"fr-FR\",\"potentialAction\":[{\"@type\":\"ReadAction\",\"target\":[\"https:\\\/\\\/ecole-des-deux-rives.be\\\/index.php\\\/logopedie\\\/\"]}]},{\"@type\":\"BreadcrumbList\",\"@id\":\"https:\\\/\\\/ecole-des-deux-rives.be\\\/index.php\\\/logopedie\\\/#breadcrumb\",\"itemListElement\":[{\"@type\":\"ListItem\",\"position\":1,\"name\":\"Accueil\",\"item\":\"https:\\\/\\\/ecole-des-deux-rives.be\\\/\"},{\"@type\":\"ListItem\",\"position\":2,\"name\":\"Logop\u00e9die\"}]},{\"@type\":\"WebSite\",\"@id\":\"https:\\\/\\\/ecole-des-deux-rives.be\\\/#website\",\"url\":\"https:\\\/\\\/ecole-des-deux-rives.be\\\/\",\"name\":\"Ecole des deux rives \u00e0 Musson\",\"description\":\"Ecoles des Deux Rives, Musson\",\"alternateName\":\"Eddr\",\"potentialAction\":[{\"@type\":\"SearchAction\",\"target\":{\"@type\":\"EntryPoint\",\"urlTemplate\":\"https:\\\/\\\/ecole-des-deux-rives.be\\\/?s={search_term_string}\"},\"query-input\":{\"@type\":\"PropertyValueSpecification\",\"valueRequired\":true,\"valueName\":\"search_term_string\"}}],\"inLanguage\":\"fr-FR\"}]}<\/script>\n<!-- \/ Yoast SEO plugin. -->","yoast_head_json":{"title":"Logop\u00e9die - Ecoles des Deux Rives","robots":{"index":"index","follow":"follow","max-snippet":"max-snippet:-1","max-image-preview":"max-image-preview:large","max-video-preview":"max-video-preview:-1"},"canonical":"https:\/\/ecole-des-deux-rives.be\/index.php\/logopedie\/","og_locale":"fr_FR","og_type":"article","og_title":"Logop\u00e9die - Ecoles des Deux Rives","og_description":"Logop\u00e9die D\u00e8s l'\u00e9cole maternelle, des enfants peuvent avoir un retard du langage qui g\u00eane leur expression et\/ou leur compr\u00e9hension, conna\u00eetre des difficult\u00e9s psychomotrices qui freinent leurs apprentissages. En primaire, un certain nombre d'\u00e9l\u00e8ves, d'intelligence satisfaisante, ont des probl\u00e8mes sp\u00e9cifiques d'acquisition de la lecture (dyslexie) et\/ou de l'orthographe (dysorthographie), d'autres se heurtent \u00e0 l'arithm\u00e9tique (dyscalculie). Ces &hellip; Continue reading \"Logop\u00e9die\"","og_url":"https:\/\/ecole-des-deux-rives.be\/index.php\/logopedie\/","og_site_name":"Ecoles des Deux Rives","og_image":[{"width":1920,"height":1080,"url":"https:\/\/ecole-des-deux-rives.be\/wp-content\/uploads\/2024\/12\/ecole_primaire_entree.jpg","type":"image\/jpeg"}],"twitter_card":"summary_large_image","twitter_misc":{"Dur\u00e9e de lecture estim\u00e9e":"2 minutes"},"schema":{"@context":"https:\/\/schema.org","@graph":[{"@type":"WebPage","@id":"https:\/\/ecole-des-deux-rives.be\/index.php\/logopedie\/","url":"https:\/\/ecole-des-deux-rives.be\/index.php\/logopedie\/","name":"Logop\u00e9die - Ecoles des Deux Rives","isPartOf":{"@id":"https:\/\/ecole-des-deux-rives.be\/#website"},"datePublished":"2025-09-20T16:09:11+00:00","breadcrumb":{"@id":"https:\/\/ecole-des-deux-rives.be\/index.php\/logopedie\/#breadcrumb"},"inLanguage":"fr-FR","potentialAction":[{"@type":"ReadAction","target":["https:\/\/ecole-des-deux-rives.be\/index.php\/logopedie\/"]}]},{"@type":"BreadcrumbList","@id":"https:\/\/ecole-des-deux-rives.be\/index.php\/logopedie\/#breadcrumb","itemListElement":[{"@type":"ListItem","position":1,"name":"Accueil","item":"https:\/\/ecole-des-deux-rives.be\/"},{"@type":"ListItem","position":2,"name":"Logop\u00e9die"}]},{"@type":"WebSite","@id":"https:\/\/ecole-des-deux-rives.be\/#website","url":"https:\/\/ecole-des-deux-rives.be\/","name":"Ecole des deux rives \u00e0 Musson","description":"Ecoles des Deux Rives, Musson","alternateName":"Eddr","potentialAction":[{"@type":"SearchAction","target":{"@type":"EntryPoint","urlTemplate":"https:\/\/ecole-des-deux-rives.be\/?s={search_term_string}"},"query-input":{"@type":"PropertyValueSpecification","valueRequired":true,"valueName":"search_term_string"}}],"inLanguage":"fr-FR"}]}},"jetpack_sharing_enabled":true,"_links":{"self":[{"href":"https:\/\/ecole-des-deux-rives.be\/index.php\/wp-json\/wp\/v2\/pages\/333","targetHints":{"allow":["GET"]}}],"collection":[{"href":"https:\/\/ecole-des-deux-rives.be\/index.php\/wp-json\/wp\/v2\/pages"}],"about":[{"href":"https:\/\/ecole-des-deux-rives.be\/index.php\/wp-json\/wp\/v2\/types\/page"}],"author":[{"embeddable":true,"href":"https:\/\/ecole-des-deux-rives.be\/index.php\/wp-json\/wp\/v2\/users\/1"}],"replies":[{"embeddable":true,"href":"https:\/\/ecole-des-deux-rives.be\/index.php\/wp-json\/wp\/v2\/comments?post=333"}],"version-history":[{"count":3,"href":"https:\/\/ecole-des-deux-rives.be\/index.php\/wp-json\/wp\/v2\/pages\/333\/revisions"}],"predecessor-version":[{"id":337,"href":"https:\/\/ecole-des-deux-rives.be\/index.php\/wp-json\/wp\/v2\/pages\/333\/revisions\/337"}],"up":[{"embeddable":true,"href":"https:\/\/ecole-des-deux-rives.be\/index.php\/wp-json\/wp\/v2\/pages\/372"}],"wp:attachment":[{"href":"https:\/\/ecole-des-deux-rives.be\/index.php\/wp-json\/wp\/v2\/media?parent=333"}],"curies":[{"name":"wp","href":"https:\/\/api.w.org\/{rel}","templated":true}]}}