{"id":363,"date":"2025-09-24T17:17:29","date_gmt":"2025-09-24T15:17:29","guid":{"rendered":"https:\/\/ecole-des-deux-rives.be\/?page_id=363"},"modified":"2025-09-27T17:13:34","modified_gmt":"2025-09-27T15:13:34","slug":"plan-du-site","status":"publish","type":"page","link":"https:\/\/ecole-des-deux-rives.be\/index.php\/plan-du-site\/","title":{"rendered":"Plan du site"},"content":{"rendered":"\n    \n    <section class=\"u-clearfix u-section-2\" id=\"block-1\">\n      <div class=\"u-clearfix u-sheet u-valign-middle u-sheet-1\">\n        <div class=\"data-layout-selected u-clearfix u-expanded-width u-layout-wrap u-layout-wrap-1\">\n          <div class=\"u-layout\">\n            <div class=\"u-layout-col\">\n              <div class=\"u-size-30\">\n                <div class=\"u-layout-col\">\n                  <div class=\"u-container-style u-layout-cell u-size-60 u-layout-cell-1\">\n                    <div class=\"u-container-layout u-container-layout-1\">\n                      <h1 class=\"u-text u-text-1\">Plan du site<\/h1>\n                    <\/div>\n                  <\/div>\n                <\/div>\n              <\/div>\n              <div class=\"u-size-30\">\n                <div class=\"u-layout-row\">\n                  <div class=\"u-container-style u-layout-cell u-size-30 u-layout-cell-2\">\n                    <div class=\"u-container-layout u-valign-bottom-lg u-valign-bottom-md u-valign-bottom-sm u-valign-bottom-xs u-valign-top-xl u-container-layout-2\">\n                      <div class=\"u-align-left u-shortcode u-shortcode-1\"><div class=\"wsp-container\"><h2 class=\"wsp-pages-title\">Pages<\/h2>\n<ul class=\"wsp-pages-list\">\n<li class=\"page_item page-item-104\"><a href=\"https:\/\/ecole-des-deux-rives.be\/\">Accueil<\/a><\/li>\n<li class=\"page_item page-item-194\"><a href=\"https:\/\/ecole-des-deux-rives.be\/index.php\/projet-pedagogique\/\">Notre Projet P\u00e9dagogique<\/a><\/li>\n<li class=\"page_item page-item-382\"><a href=\"https:\/\/ecole-des-deux-rives.be\/index.php\/menu\/\">Menu du mois<\/a><\/li>\n<li class=\"page_item page-item-370 page_item_has_children\"><a href=\"https:\/\/ecole-des-deux-rives.be\/index.php\/vie-a-lecole\/\">Vie \u00e0 l&#039;\u00e9cole<\/a>\n<ul class='children'>\n\t<li class=\"page_item page-item-294\"><a href=\"https:\/\/ecole-des-deux-rives.be\/index.php\/vie-a-lecole\/calendrier-2025-2026\/\">Calendrier 2025-2026<\/a><\/li>\n\t<li class=\"page_item page-item-309\"><a href=\"https:\/\/ecole-des-deux-rives.be\/index.php\/vie-a-lecole\/accueil-extra-scolaire\/\">Accueil extra-scolaire<\/a><\/li>\n\t<li class=\"page_item page-item-313\"><a href=\"https:\/\/ecole-des-deux-rives.be\/index.php\/vie-a-lecole\/les-horaires\/\">Les horaires<\/a><\/li>\n\t<li class=\"page_item page-item-344\"><a href=\"https:\/\/ecole-des-deux-rives.be\/index.php\/vie-a-lecole\/documents-utiles\/\">Documents utiles<\/a><\/li>\n\t<li class=\"page_item page-item-321\"><a href=\"https:\/\/ecole-des-deux-rives.be\/index.php\/vie-a-lecole\/entree-a-lecole-maternelle\/\">Entr\u00e9e \u00e0 l&rsquo;\u00e9cole maternelle<\/a><\/li>\n\t<li class=\"page_item page-item-372 page_item_has_children\"><a href=\"https:\/\/ecole-des-deux-rives.be\/index.php\/vie-a-lecole\/partenaires\/\">Partenaires<\/a>\n\t<ul class='children'>\n\t\t<li class=\"page_item page-item-327\"><a href=\"https:\/\/ecole-des-deux-rives.be\/index.php\/vie-a-lecole\/partenaires\/le-centre-pms\/\">Le centre PMS<\/a><\/li>\n\t\t<li class=\"page_item page-item-333\"><a href=\"https:\/\/ecole-des-deux-rives.be\/index.php\/vie-a-lecole\/partenaires\/logopedie\/\">Logop\u00e9die<\/a><\/li>\n\t<\/ul>\n<\/li>\n\t<li class=\"page_item page-item-209\"><a href=\"https:\/\/ecole-des-deux-rives.be\/index.php\/vie-a-lecole\/notre-ecole\/\">Notre \u00e9cole<\/a><\/li>\n<\/ul>\n<\/li>\n<li class=\"page_item page-item-374 page_item_has_children\"><a href=\"https:\/\/ecole-des-deux-rives.be\/index.php\/enseignement\/\">Enseignement<\/a>\n<ul class='children'>\n\t<li class=\"page_item page-item-250\"><a href=\"https:\/\/ecole-des-deux-rives.be\/index.php\/enseignement\/les-cours-philosophiques\/\">Les cours philosophiques<\/a><\/li>\n\t<li class=\"page_item page-item-254\"><a href=\"https:\/\/ecole-des-deux-rives.be\/index.php\/enseignement\/promotion-du-sports\/\">Promotion du sport<\/a><\/li>\n<\/ul>\n<\/li>\n<li class=\"page_item page-item-352 page_item_has_children\"><a href=\"https:\/\/ecole-des-deux-rives.be\/index.php\/mentions-legales\/\">Mentions l\u00e9gales<\/a>\n<ul class='children'>\n\t<li class=\"page_item page-item-339\"><a href=\"https:\/\/ecole-des-deux-rives.be\/index.php\/mentions-legales\/rgpd\/\">RGPD<\/a><\/li>\n\t<li class=\"page_item page-item-358\"><a href=\"https:\/\/ecole-des-deux-rives.be\/index.php\/mentions-legales\/politique-de-cookies-ue\/\">Politique de cookies (UE)<\/a><\/li>\n<\/ul>\n<\/li>\n<li class=\"page_item page-item-363\"><a href=\"https:\/\/ecole-des-deux-rives.be\/index.php\/plan-du-site\/\">Plan du site<\/a><\/li>\n<\/ul>\n<\/div> <\/div>\n                    <\/div>\n                  <\/div>\n                  <div class=\"u-container-style u-layout-cell u-size-30 u-layout-cell-3\">\n                    <div class=\"u-container-layout u-valign-bottom-lg u-valign-bottom-md u-valign-bottom-sm u-valign-bottom-xs u-valign-top-xl u-container-layout-3\">\n                      <div class=\"u-align-left u-shortcode u-shortcode-2\"><div class=\"wsp-container\"><\/div><\/div>\n                    <\/div>\n                  <\/div>\n                <\/div>\n              <\/div>\n            <\/div>\n          <\/div>\n        <\/div>\n      <\/div>\n    <\/section>\n    \n    \n    \n  \n","protected":false},"excerpt":{"rendered":"<p>Plan du site Pages Accueil Notre Projet P\u00e9dagogique Menu du mois Vie \u00e0 l&#039;\u00e9cole Calendrier 2025-2026 Accueil extra-scolaire Les horaires Documents utiles Entr\u00e9e \u00e0 l&rsquo;\u00e9cole maternelle Partenaires Le centre PMS Logop\u00e9die Notre \u00e9cole Enseignement Les cours philosophiques Promotion du sport Mentions l\u00e9gales RGPD Politique de cookies (UE) Plan du site<\/p>\n","protected":false},"author":1,"featured_media":0,"parent":0,"menu_order":6,"comment_status":"closed","ping_status":"closed","template":"","meta":{"footnotes":""},"class_list":["post-363","page","type-page","status-publish","hentry"],"yoast_head":"<!-- This site is optimized with the Yoast SEO plugin v27.4 - https:\/\/yoast.com\/product\/yoast-seo-wordpress\/ -->\n<title>Plan du site - Ecoles des Deux Rives<\/title>\n<meta name=\"robots\" content=\"index, follow, max-snippet:-1, max-image-preview:large, max-video-preview:-1\" \/>\n<link rel=\"canonical\" href=\"https:\/\/ecole-des-deux-rives.be\/index.php\/plan-du-site\/\" \/>\n<meta property=\"og:locale\" content=\"fr_FR\" \/>\n<meta property=\"og:type\" content=\"article\" \/>\n<meta property=\"og:title\" content=\"Plan du site - Ecoles des Deux Rives\" \/>\n<meta property=\"og:description\" content=\"Plan du site Pages Accueil Notre Projet P\u00e9dagogique Menu du mois Vie \u00e0 l&#039;\u00e9cole Calendrier 2025-2026 Accueil extra-scolaire Les horaires Documents utiles Entr\u00e9e \u00e0 l&rsquo;\u00e9cole maternelle Partenaires Le centre PMS Logop\u00e9die Notre \u00e9cole Enseignement Les cours philosophiques Promotion du sport Mentions l\u00e9gales RGPD Politique de cookies (UE) Plan du site\" \/>\n<meta property=\"og:url\" content=\"https:\/\/ecole-des-deux-rives.be\/index.php\/plan-du-site\/\" \/>\n<meta property=\"og:site_name\" content=\"Ecoles des Deux Rives\" \/>\n<meta property=\"article:modified_time\" content=\"2025-09-27T15:13:34+00:00\" \/>\n<meta property=\"og:image\" content=\"https:\/\/ecole-des-deux-rives.be\/wp-content\/uploads\/2024\/12\/ecole_primaire_entree.jpg\" \/>\n\t<meta property=\"og:image:width\" content=\"1920\" \/>\n\t<meta property=\"og:image:height\" content=\"1080\" \/>\n\t<meta property=\"og:image:type\" content=\"image\/jpeg\" \/>\n<meta name=\"twitter:card\" content=\"summary_large_image\" \/>\n<meta name=\"twitter:label1\" content=\"Dur\u00e9e de lecture estim\u00e9e\" \/>\n\t<meta name=\"twitter:data1\" content=\"1 minute\" \/>\n<script type=\"application\/ld+json\" class=\"yoast-schema-graph\">{\"@context\":\"https:\\\/\\\/schema.org\",\"@graph\":[{\"@type\":\"WebPage\",\"@id\":\"https:\\\/\\\/ecole-des-deux-rives.be\\\/index.php\\\/plan-du-site\\\/\",\"url\":\"https:\\\/\\\/ecole-des-deux-rives.be\\\/index.php\\\/plan-du-site\\\/\",\"name\":\"Plan du site - Ecoles des Deux Rives\",\"isPartOf\":{\"@id\":\"https:\\\/\\\/ecole-des-deux-rives.be\\\/#website\"},\"datePublished\":\"2025-09-24T15:17:29+00:00\",\"dateModified\":\"2025-09-27T15:13:34+00:00\",\"breadcrumb\":{\"@id\":\"https:\\\/\\\/ecole-des-deux-rives.be\\\/index.php\\\/plan-du-site\\\/#breadcrumb\"},\"inLanguage\":\"fr-FR\",\"potentialAction\":[{\"@type\":\"ReadAction\",\"target\":[\"https:\\\/\\\/ecole-des-deux-rives.be\\\/index.php\\\/plan-du-site\\\/\"]}]},{\"@type\":\"BreadcrumbList\",\"@id\":\"https:\\\/\\\/ecole-des-deux-rives.be\\\/index.php\\\/plan-du-site\\\/#breadcrumb\",\"itemListElement\":[{\"@type\":\"ListItem\",\"position\":1,\"name\":\"Accueil\",\"item\":\"https:\\\/\\\/ecole-des-deux-rives.be\\\/\"},{\"@type\":\"ListItem\",\"position\":2,\"name\":\"Plan du site\"}]},{\"@type\":\"WebSite\",\"@id\":\"https:\\\/\\\/ecole-des-deux-rives.be\\\/#website\",\"url\":\"https:\\\/\\\/ecole-des-deux-rives.be\\\/\",\"name\":\"Ecole des deux rives \u00e0 Musson\",\"description\":\"Ecoles des Deux Rives, Musson\",\"alternateName\":\"Eddr\",\"potentialAction\":[{\"@type\":\"SearchAction\",\"target\":{\"@type\":\"EntryPoint\",\"urlTemplate\":\"https:\\\/\\\/ecole-des-deux-rives.be\\\/?s={search_term_string}\"},\"query-input\":{\"@type\":\"PropertyValueSpecification\",\"valueRequired\":true,\"valueName\":\"search_term_string\"}}],\"inLanguage\":\"fr-FR\"}]}<\/script>\n<!-- \/ Yoast SEO plugin. -->","yoast_head_json":{"title":"Plan du site - Ecoles des Deux Rives","robots":{"index":"index","follow":"follow","max-snippet":"max-snippet:-1","max-image-preview":"max-image-preview:large","max-video-preview":"max-video-preview:-1"},"canonical":"https:\/\/ecole-des-deux-rives.be\/index.php\/plan-du-site\/","og_locale":"fr_FR","og_type":"article","og_title":"Plan du site - Ecoles des Deux Rives","og_description":"Plan du site Pages Accueil Notre Projet P\u00e9dagogique Menu du mois Vie \u00e0 l&#039;\u00e9cole Calendrier 2025-2026 Accueil extra-scolaire Les horaires Documents utiles Entr\u00e9e \u00e0 l&rsquo;\u00e9cole maternelle Partenaires Le centre PMS Logop\u00e9die Notre \u00e9cole Enseignement Les cours philosophiques Promotion du sport Mentions l\u00e9gales RGPD Politique de cookies (UE) Plan du site","og_url":"https:\/\/ecole-des-deux-rives.be\/index.php\/plan-du-site\/","og_site_name":"Ecoles des Deux Rives","article_modified_time":"2025-09-27T15:13:34+00:00","og_image":[{"width":1920,"height":1080,"url":"https:\/\/ecole-des-deux-rives.be\/wp-content\/uploads\/2024\/12\/ecole_primaire_entree.jpg","type":"image\/jpeg"}],"twitter_card":"summary_large_image","twitter_misc":{"Dur\u00e9e de lecture estim\u00e9e":"1 minute"},"schema":{"@context":"https:\/\/schema.org","@graph":[{"@type":"WebPage","@id":"https:\/\/ecole-des-deux-rives.be\/index.php\/plan-du-site\/","url":"https:\/\/ecole-des-deux-rives.be\/index.php\/plan-du-site\/","name":"Plan du site - Ecoles des Deux Rives","isPartOf":{"@id":"https:\/\/ecole-des-deux-rives.be\/#website"},"datePublished":"2025-09-24T15:17:29+00:00","dateModified":"2025-09-27T15:13:34+00:00","breadcrumb":{"@id":"https:\/\/ecole-des-deux-rives.be\/index.php\/plan-du-site\/#breadcrumb"},"inLanguage":"fr-FR","potentialAction":[{"@type":"ReadAction","target":["https:\/\/ecole-des-deux-rives.be\/index.php\/plan-du-site\/"]}]},{"@type":"BreadcrumbList","@id":"https:\/\/ecole-des-deux-rives.be\/index.php\/plan-du-site\/#breadcrumb","itemListElement":[{"@type":"ListItem","position":1,"name":"Accueil","item":"https:\/\/ecole-des-deux-rives.be\/"},{"@type":"ListItem","position":2,"name":"Plan du site"}]},{"@type":"WebSite","@id":"https:\/\/ecole-des-deux-rives.be\/#website","url":"https:\/\/ecole-des-deux-rives.be\/","name":"Ecole des deux rives \u00e0 Musson","description":"Ecoles des Deux Rives, Musson","alternateName":"Eddr","potentialAction":[{"@type":"SearchAction","target":{"@type":"EntryPoint","urlTemplate":"https:\/\/ecole-des-deux-rives.be\/?s={search_term_string}"},"query-input":{"@type":"PropertyValueSpecification","valueRequired":true,"valueName":"search_term_string"}}],"inLanguage":"fr-FR"}]}},"jetpack_sharing_enabled":true,"_links":{"self":[{"href":"https:\/\/ecole-des-deux-rives.be\/index.php\/wp-json\/wp\/v2\/pages\/363","targetHints":{"allow":["GET"]}}],"collection":[{"href":"https:\/\/ecole-des-deux-rives.be\/index.php\/wp-json\/wp\/v2\/pages"}],"about":[{"href":"https:\/\/ecole-des-deux-rives.be\/index.php\/wp-json\/wp\/v2\/types\/page"}],"author":[{"embeddable":true,"href":"https:\/\/ecole-des-deux-rives.be\/index.php\/wp-json\/wp\/v2\/users\/1"}],"replies":[{"embeddable":true,"href":"https:\/\/ecole-des-deux-rives.be\/index.php\/wp-json\/wp\/v2\/comments?post=363"}],"version-history":[{"count":9,"href":"https:\/\/ecole-des-deux-rives.be\/index.php\/wp-json\/wp\/v2\/pages\/363\/revisions"}],"predecessor-version":[{"id":381,"href":"https:\/\/ecole-des-deux-rives.be\/index.php\/wp-json\/wp\/v2\/pages\/363\/revisions\/381"}],"wp:attachment":[{"href":"https:\/\/ecole-des-deux-rives.be\/index.php\/wp-json\/wp\/v2\/media?parent=363"}],"curies":[{"name":"wp","href":"https:\/\/api.w.org\/{rel}","templated":true}]}}